{"id":1698,"date":"2023-11-30T16:30:30","date_gmt":"2023-11-30T16:30:30","guid":{"rendered":"https:\/\/electrostickers.ch\/datenschutzbestimmungen\/"},"modified":"2024-02-16T12:03:41","modified_gmt":"2024-02-16T12:03:41","slug":"datenschutzbestimmungen","status":"publish","type":"page","link":"https:\/\/electrostickers.ch\/de\/datenschutzbestimmungen\/","title":{"rendered":"Datenschutzbestimmungen"},"content":{"rendered":"\t\t<div data-elementor-type=\"wp-page\" data-elementor-id=\"1698\" class=\"elementor elementor-1698 elementor-3\" data-elementor-post-type=\"page\">\n\t\t\t\t\t\t<section class=\"elementor-section elementor-top-section elementor-element elementor-element-b649335 elementor-section-full_width elementor-section-height-default elementor-section-height-default\" data-id=\"b649335\" data-element_type=\"section\">\n\t\t\t\t\t\t<div class=\"elementor-container elementor-column-gap-default\">\n\t\t\t\t\t<div class=\"elementor-column elementor-col-100 elementor-top-column elementor-element elementor-element-8cca735\" data-id=\"8cca735\" data-element_type=\"column\">\n\t\t\t<div class=\"elementor-widget-wrap elementor-element-populated\">\n\t\t\t\t\t\t<div class=\"elementor-element elementor-element-8560c77 elementor-widget elementor-widget-text-editor\" data-id=\"8560c77\" data-element_type=\"widget\" data-widget_type=\"text-editor.default\">\n\t\t\t\t<div class=\"elementor-widget-container\">\n\t\t\t<style>\/*! elementor - v3.22.0 - 17-06-2024 *\/\n.elementor-widget-text-editor.elementor-drop-cap-view-stacked .elementor-drop-cap{background-color:#69727d;color:#fff}.elementor-widget-text-editor.elementor-drop-cap-view-framed .elementor-drop-cap{color:#69727d;border:3px solid;background-color:transparent}.elementor-widget-text-editor:not(.elementor-drop-cap-view-default) .elementor-drop-cap{margin-top:8px}.elementor-widget-text-editor:not(.elementor-drop-cap-view-default) .elementor-drop-cap-letter{width:1em;height:1em}.elementor-widget-text-editor .elementor-drop-cap{float:left;text-align:center;line-height:1;font-size:50px}.elementor-widget-text-editor .elementor-drop-cap-letter{display:inline-block}<\/style>\t\t\t\t\t\t<div data-elementor-type=\"section\" data-elementor-id=\"1767\" class=\"elementor elementor-1767 elementor-142\" data-elementor-post-type=\"elementor_library\">\n\t\t\t\t\t<section class=\"elementor-section elementor-top-section elementor-element elementor-element-170a906b elementor-section-boxed elementor-section-height-default elementor-section-height-default\" data-id=\"170a906b\" data-element_type=\"section\" data-settings=\"{&quot;background_background&quot;:&quot;classic&quot;}\">\n\t\t\t\t\t\t\t<div class=\"elementor-background-overlay\"><\/div>\n\t\t\t\t\t\t\t<div class=\"elementor-container elementor-column-gap-default\">\n\t\t\t\t\t<div class=\"elementor-column elementor-col-100 elementor-top-column elementor-element elementor-element-17b5c411\" data-id=\"17b5c411\" data-element_type=\"column\">\n\t\t\t<div class=\"elementor-widget-wrap elementor-element-populated\">\n\t\t\t\t\t\t<div class=\"elementor-element elementor-element-5ed2e5e9 elementor-widget elementor-widget-heading\" data-id=\"5ed2e5e9\" data-element_type=\"widget\" data-widget_type=\"heading.default\">\n\t\t\t\t<div class=\"elementor-widget-container\">\n\t\t\t<style>\/*! elementor - v3.22.0 - 17-06-2024 *\/\n.elementor-heading-title{padding:0;margin:0;line-height:1}.elementor-widget-heading .elementor-heading-title[class*=elementor-size-]>a{color:inherit;font-size:inherit;line-height:inherit}.elementor-widget-heading .elementor-heading-title.elementor-size-small{font-size:15px}.elementor-widget-heading .elementor-heading-title.elementor-size-medium{font-size:19px}.elementor-widget-heading .elementor-heading-title.elementor-size-large{font-size:29px}.elementor-widget-heading .elementor-heading-title.elementor-size-xl{font-size:39px}.elementor-widget-heading .elementor-heading-title.elementor-size-xxl{font-size:59px}<\/style><h2 class=\"elementor-heading-title elementor-size-default\">Datenschutzbestimmungen<\/h2>\t\t<\/div>\n\t\t\t\t<\/div>\n\t\t\t\t<div class=\"elementor-element elementor-element-2310403f elementor-icon-list--layout-inline elementor-widget__width-auto elementor-list-item-link-full_width elementor-widget elementor-widget-icon-list\" data-id=\"2310403f\" data-element_type=\"widget\" data-widget_type=\"icon-list.default\">\n\t\t\t\t<div class=\"elementor-widget-container\">\n\t\t\t<link rel=\"stylesheet\" href=\"https:\/\/electrostickers.ch\/wp-content\/uploads\/elementor\/css\/custom-widget-icon-list.min.css?ver=1726876168\">\t\t<ul class=\"elementor-icon-list-items elementor-inline-items\">\n\t\t\t\t\t\t\t<li class=\"elementor-icon-list-item elementor-inline-item\">\n\t\t\t\t\t\t\t\t\t\t\t<a href=\"https:\/\/electrostickers.ch\/de\/\">\n\n\t\t\t\t\t\t\t\t\t\t\t<span class=\"elementor-icon-list-text\">Startseite<\/span>\n\t\t\t\t\t\t\t\t\t\t\t<\/a>\n\t\t\t\t\t\t\t\t\t<\/li>\n\t\t\t\t\t\t\t\t<li class=\"elementor-icon-list-item elementor-inline-item\">\n\t\t\t\t\t\t\t\t\t\t\t<span class=\"elementor-icon-list-icon\">\n\t\t\t\t\t\t\t<i aria-hidden=\"true\" class=\"icons icon-arrow-right\"><\/i>\t\t\t\t\t\t<\/span>\n\t\t\t\t\t\t\t\t\t\t<span class=\"elementor-icon-list-text\"><\/span>\n\t\t\t\t\t\t\t\t\t<\/li>\n\t\t\t\t\t\t\t\t<li class=\"elementor-icon-list-item elementor-inline-item\">\n\t\t\t\t\t\t\t\t\t\t<span class=\"elementor-icon-list-text\">Datenschutzbestimmungen<\/span>\n\t\t\t\t\t\t\t\t\t<\/li>\n\t\t\t\t\t\t<\/ul>\n\t\t\t\t<\/div>\n\t\t\t\t<\/div>\n\t\t\t\t\t<\/div>\n\t\t<\/div>\n\t\t\t\t\t<\/div>\n\t\t<\/section>\n\t\t\t\t<\/div>\n\t\t\n\t\t\t\t\t\t<\/div>\n\t\t\t\t<\/div>\n\t\t\t\t\t<\/div>\n\t\t<\/div>\n\t\t\t\t\t<\/div>\n\t\t<\/section>\n\t\t\t\t<section class=\"elementor-section elementor-top-section elementor-element elementor-element-ed9e569 anchor_design elementor-section-boxed elementor-section-height-default elementor-section-height-default\" data-id=\"ed9e569\" data-element_type=\"section\">\n\t\t\t\t\t\t<div class=\"elementor-container elementor-column-gap-default\">\n\t\t\t\t\t<div class=\"elementor-column elementor-col-100 elementor-top-column elementor-element elementor-element-c41fe41\" data-id=\"c41fe41\" data-element_type=\"column\">\n\t\t\t<div class=\"elementor-widget-wrap elementor-element-populated\">\n\t\t\t\t\t\t<div class=\"elementor-element elementor-element-a207911 elementor-widget elementor-widget-heading\" data-id=\"a207911\" data-element_type=\"widget\" data-widget_type=\"heading.default\">\n\t\t\t\t<div class=\"elementor-widget-container\">\n\t\t\t<h2 class=\"elementor-heading-title elementor-size-default\">Allgemeine Verkaufsbedingungen von Electrostickers c\/o In&amp;Co<\/h2>\t\t<\/div>\n\t\t\t\t<\/div>\n\t\t\t\t<div class=\"elementor-element elementor-element-d261bf6 elementor-widget elementor-widget-heading\" data-id=\"d261bf6\" data-element_type=\"widget\" data-widget_type=\"heading.default\">\n\t\t\t\t<div class=\"elementor-widget-container\">\n\t\t\t<h2 class=\"elementor-heading-title elementor-size-default\">Pr\u00e4ambel<\/h2>\t\t<\/div>\n\t\t\t\t<\/div>\n\t\t\t\t<div class=\"elementor-element elementor-element-a77cf1a elementor-widget elementor-widget-text-editor\" data-id=\"a77cf1a\" data-element_type=\"widget\" data-widget_type=\"text-editor.default\">\n\t\t\t\t<div class=\"elementor-widget-container\">\n\t\t\t\t\t\t\tDiese Datenschutzrichtlinie gilt f\u00fcr die Website: www.electrostickers.ch.\r\n\r\nZiel dieser Datenschutzrichtlinie ist es, den Nutzern der Website :\r\n<ul class=\"lp-list text-align-left font-scale-6 line-height-scale-6 lp-list--bullet\" data-guid=\"1302939e-32ac-443a-3169-b786a8e6c4b7\">\r\n \t<li>Die Art und Weise, wie ihre personenbezogenen Daten gesammelt und verarbeitet werden. Als personenbezogene Daten gelten alle Daten, die geeignet sind, einen Nutzer zu identifizieren. Dazu geh\u00f6ren Vor- und Nachname, Alter, Postanschrift, E-Mail-Adresse, Standort des Nutzers oder seine IP-Adresse;<\/li>\r\n \t<li>Die Rechte der Nutzer in Bezug auf diese Daten ;<\/li>\r\n \t<li>Die Verantwortung f\u00fcr die Verarbeitung der gesammelten und verarbeiteten personenbezogenen Daten;<\/li>\r\n \t<li>An wen diese Daten weitergegeben werden ;<\/li>\r\n \t<li>Die Politik der Website in Bezug auf \u00abCookie\u00bb-Dateien.<\/li>\r\n<\/ul>\r\nDiese Datenschutzrichtlinie erg\u00e4nzt die rechtlichen Hinweise und die Allgemeinen Gesch\u00e4ftsbedingungen, die die Nutzer unter den folgenden Adressen einsehen k\u00f6nnen:\r\n\r\nwww.electrostickers.ch\/de\/rechtliche-hinweise und www.electrostickers.ch\/de\/agb\t\t\t\t\t\t<\/div>\n\t\t\t\t<\/div>\n\t\t\t\t<div class=\"elementor-element elementor-element-224c2ca elementor-widget elementor-widget-heading\" data-id=\"224c2ca\" data-element_type=\"widget\" data-widget_type=\"heading.default\">\n\t\t\t\t<div class=\"elementor-widget-container\">\n\t\t\t<h2 class=\"elementor-heading-title elementor-size-default\">Allgemeine Grunds\u00e4tze f\u00fcr die Erhebung und Verarbeitung von Daten<\/h2>\t\t<\/div>\n\t\t\t\t<\/div>\n\t\t\t\t<div class=\"elementor-element elementor-element-0224810 elementor-widget elementor-widget-text-editor\" data-id=\"0224810\" data-element_type=\"widget\" data-widget_type=\"text-editor.default\">\n\t\t\t\t<div class=\"elementor-widget-container\">\n\t\t\t\t\t\t\t<p class=\"lp-headline text-align-left font-scale-6 line-height-scale-6 subhead\">Gem\u00e4\u00df den Bestimmungen von Artikel 5 der Europ\u00e4ischen Verordnung 2016\/679 werden bei der Erhebung und Verarbeitung der Daten der Nutzer der Website die folgenden Grunds\u00e4tze beachtet :<\/p>\n<ul class=\"lp-list text-align-left font-scale-6 line-height-scale-6 lp-list--bullet\" data-guid=\"f764122b-a3eb-bc83-d688-4b1616f71c8f\">\n<li>Rechtm\u00e4\u00dfigkeit, Fairness und Transparenz: Daten d\u00fcrfen nur mit der Zustimmung des Nutzers, der Eigent\u00fcmer der Daten ist, erhoben und verarbeitet werden. Jedes Mal, wenn personenbezogene Daten erhoben werden, wird der Nutzer dar\u00fcber informiert, dass seine Daten erhoben werden und zu welchem Zweck seine Daten erhoben werden ;<\/li>\n<li>Eingeschr\u00e4nkte Zwecke: Die Erhebung und Verarbeitung von Daten wird durchgef\u00fchrt, um einen oder mehrere in diesen Nutzungsbedingungen festgelegte Zwecke zu erf\u00fcllen ;<\/li>\n<li>Minimierung der Datenerhebung und -verarbeitung: Es werden nur die Daten erhoben, die f\u00fcr die Erf\u00fcllung der von der Website verfolgten Zwecke erforderlich sind ;<\/li>\n<li>Zeitlich begrenzte Datenaufbewahrung: Die Daten werden f\u00fcr einen begrenzten Zeitraum aufbewahrt, \u00fcber den der Nutzer informiert wird. Wenn diese Information nicht mitgeteilt werden kann, wird der Nutzer \u00fcber die Kriterien informiert, die zur Bestimmung der Speicherdauer herangezogen werden ;<\/li>\n<li>Integrit\u00e4t und Vertraulichkeit der erhobenen und verarbeiteten Daten: Der f\u00fcr die Datenverarbeitung Verantwortliche verpflichtet sich, die Integrit\u00e4t und Vertraulichkeit der erhobenen Daten zu gew\u00e4hrleisten.<\/li>\n<\/ul>\n<p class=\"text-align-left font-scale-6 line-height-scale-6\">Um rechtm\u00e4\u00dfig zu sein und gem\u00e4\u00df den Anforderungen von Artikel 6 der EU-Verordnung 2016\/679 darf die Erhebung und Verarbeitung personenbezogener Daten nur erfolgen, wenn sie mindestens eine der nachstehend aufgef\u00fchrten Bedingungen erf\u00fcllt :<\/p>\n<ul class=\"lp-list text-align-left font-scale-6 line-height-scale-6 lp-list--bullet\" data-guid=\"72d6d40b-3605-d20e-58da-0c4dec8ff20d\">\n<li>Der Nutzer hat der Verarbeitung ausdr\u00fccklich zugestimmt ;<\/li>\n<li>Die Verarbeitung ist f\u00fcr die ordnungsgem\u00e4\u00dfe Erf\u00fcllung eines Vertrags erforderlich ;<\/li>\n<li>Die Verarbeitung erfolgt aufgrund einer gesetzlichen Verpflichtung ;<\/li>\n<li>Die Verarbeitung ist notwendig, um die lebenswichtigen Interessen der betroffenen Person oder einer anderen nat\u00fcrlichen Person zu sch\u00fctzen ;<\/li>\n<li>Die Verarbeitung ist f\u00fcr die Wahrnehmung einer Aufgabe erforderlich, die im \u00f6ffentlichen Interesse liegt oder in Aus\u00fcbung \u00f6ffentlicher Gewalt erfolgt ;<\/li>\n<li>Die Verarbeitung und Erhebung personenbezogener Daten ist f\u00fcr die Zwecke der berechtigten und privaten Interessen erforderlich, die von dem f\u00fcr die Verarbeitung Verantwortlichen oder einem Dritten verfolgt werden.<\/li>\n<\/ul>\n\t\t\t\t\t\t<\/div>\n\t\t\t\t<\/div>\n\t\t\t\t<div class=\"elementor-element elementor-element-59b94ef elementor-widget elementor-widget-heading\" data-id=\"59b94ef\" data-element_type=\"widget\" data-widget_type=\"heading.default\">\n\t\t\t\t<div class=\"elementor-widget-container\">\n\t\t\t<h2 class=\"elementor-heading-title elementor-size-default\">Daten, die im Rahmen der Navigation auf der Website gesammelt und verarbeitet werden<\/h2>\t\t<\/div>\n\t\t\t\t<\/div>\n\t\t\t\t<div class=\"elementor-element elementor-element-f8706f4 elementor-widget elementor-widget-text-editor\" data-id=\"f8706f4\" data-element_type=\"widget\" data-widget_type=\"text-editor.default\">\n\t\t\t\t<div class=\"elementor-widget-container\">\n\t\t\t\t\t\t\t<h5 class=\"text-align-left font-scale-6 line-height-scale-6\">A. GESAMMELTE UND VERARBEITETE DATEN UND ART DER SAMMLUNG<\/h5>\n<p class=\"text-align-left font-scale-6 line-height-scale-6\">Die auf der Website www.electrostickers.ch erhobenen personenbezogenen Daten sind die folgenden :<\/p>\n<ul>\n<li class=\"text-align-left font-scale-6 line-height-scale-6\">E-Mail-Adresse<\/li>\n<li class=\"text-align-left font-scale-6 line-height-scale-6\">(M\u00f6glicherweise) Vorname<\/li>\n<li class=\"text-align-left font-scale-6 line-height-scale-6\">(Bei Zahlung) Postanschrift<\/li>\n<\/ul>\n<p class=\"text-align-left font-scale-6 line-height-scale-6\">Diese Daten werden erhoben, wenn der Nutzer einen der folgenden Vorg\u00e4nge auf der Website ausf\u00fchrt :<\/p>\n<ul>\n<li class=\"text-align-left font-scale-6 line-height-scale-6\">Wenn der Nutzer diese Informationen ausf\u00fcllt, um exklusive Inhalte zu erhalten<br \/>\nWenn der Nutzer eine Bestellung auf der Website t\u00e4tigt<\/li>\n<\/ul>\n<p>Au\u00dferdem wird bei einer Zahlung auf der Website in den Informatiksystemen des Herausgebers der Website ein Beweis der Transaktion gespeichert, der den Bestellschein und die Rechnung umfasst.<\/p>\n<p>Der Verantwortliche f\u00fcr die Datenverarbeitung wird alle gesammelten Daten in seinen Computersystemen der Website und unter angemessenen Sicherheitsbedingungen f\u00fcr einen Zeitraum von 12 Monaten aufbewahren.<\/p>\n<p>Die Erhebung und Verarbeitung der Daten dient folgenden Zwecken :<\/p>\n<ul>\n<li class=\"text-align-left font-scale-6 line-height-scale-6\">Werbekommunikation<\/li>\n<\/ul>\n<p class=\"text-align-left font-scale-6 line-height-scale-6\">Die durchgef\u00fchrte Datenverarbeitung st\u00fctzt sich auf folgende Rechtsgrundlagen :<\/p>\n<ul>\n<li class=\"text-align-left font-scale-6 line-height-scale-6\">Die Erf\u00fcllung des Vertrags und des Versprechens der Website<br \/>\nDie Zustimmung des Nutzers<\/li>\n<\/ul>\n<h5 class=\"text-align-left font-scale-6 line-height-scale-6\">B. WEITERGABE VON DATEN AN DRITTE<\/h5>\n<p class=\"text-align-left font-scale-6 line-height-scale-6\">Die von der Website erhobenen personenbezogenen Daten werden nicht an Dritte weitergegeben und nur vom Herausgeber der Website verarbeitet.<\/p>\n<h5 class=\"text-align-left font-scale-6 line-height-scale-6\">C. DATENHOSTING<\/h5>\n<p>Die Website www.electrostickers.ch wird gehostet von :<\/p>\n<p>Infomaniak Network SA (26, Avenue de la Praille, 1227 Carouge, Genf, Tel.: +41 22 820 35 44, support@infomaniak.com).<\/p>\n<p>Die von der Website erhobenen und verarbeiteten Daten werden in die folgenden L\u00e4nder \u00fcbermittelt: Frankreich, Schweiz. Diese \u00dcbertragung personenbezogener Daten in L\u00e4nder au\u00dferhalb der Europ\u00e4ischen Union ist aus folgenden Gr\u00fcnden gerechtfertigt :<\/p>\n<p>Einige Tools haben ihre Server in Frankreich.<\/p>\n\t\t\t\t\t\t<\/div>\n\t\t\t\t<\/div>\n\t\t\t\t<div class=\"elementor-element elementor-element-3bc8593 elementor-widget elementor-widget-heading\" data-id=\"3bc8593\" data-element_type=\"widget\" data-widget_type=\"heading.default\">\n\t\t\t\t<div class=\"elementor-widget-container\">\n\t\t\t<h2 class=\"elementor-heading-title elementor-size-default\">Kommentare<\/h2>\t\t<\/div>\n\t\t\t\t<\/div>\n\t\t\t\t<div class=\"elementor-element elementor-element-3c6151f elementor-widget elementor-widget-text-editor\" data-id=\"3c6151f\" data-element_type=\"widget\" data-widget_type=\"text-editor.default\">\n\t\t\t\t<div class=\"elementor-widget-container\">\n\t\t\t\t\t\t\t<p>Wenn Besucher Kommentare auf der Website hinterlassen, erfassen wir die Daten aus dem Kommentarformular sowie die IP-Adresse des Besuchers und den User-Agent-String des Browsers, um die Erkennung von Spam zu erleichtern.<\/p>\n<p>Eine aus Ihrer E-Mail-Adresse erstellte anonyme Zeichenfolge (auch \u00abHash\u00bb genannt) kann dem Gravatar-Dienst zur Verf\u00fcgung gestellt werden, um zu \u00fcberpr\u00fcfen, ob Sie ihn nutzen. Die Datenschutzrichtlinie des Gravatar-Dienstes finden Sie hier: https:\/\/automattic.com\/privacy\/. Nach der Genehmigung Ihres Kommentars ist Ihr Profilbild im Kontext Ihres Kommentars \u00f6ffentlich sichtbar.<\/p>\n\t\t\t\t\t\t<\/div>\n\t\t\t\t<\/div>\n\t\t\t\t<div class=\"elementor-element elementor-element-97c28b2 elementor-widget elementor-widget-heading\" data-id=\"97c28b2\" data-element_type=\"widget\" data-widget_type=\"heading.default\">\n\t\t\t\t<div class=\"elementor-widget-container\">\n\t\t\t<h2 class=\"elementor-heading-title elementor-size-default\">Medien<\/h2>\t\t<\/div>\n\t\t\t\t<\/div>\n\t\t\t\t<div class=\"elementor-element elementor-element-d16492f elementor-widget elementor-widget-text-editor\" data-id=\"d16492f\" data-element_type=\"widget\" data-widget_type=\"text-editor.default\">\n\t\t\t\t<div class=\"elementor-widget-container\">\n\t\t\t\t\t\t\t<p>Wenn Sie Bilder auf die Website hochladen, sollten Sie es vermeiden, Bilder hochzuladen, die Standortdaten (EXIF GPS) enthalten. Besucher der Website k\u00f6nnen alle Standortdaten von Bildern auf der Website herunterladen und extrahieren.<\/p>\n\t\t\t\t\t\t<\/div>\n\t\t\t\t<\/div>\n\t\t\t\t<div class=\"elementor-element elementor-element-844bd98 elementor-widget elementor-widget-heading\" data-id=\"844bd98\" data-element_type=\"widget\" data-widget_type=\"heading.default\">\n\t\t\t\t<div class=\"elementor-widget-container\">\n\t\t\t<h2 class=\"elementor-heading-title elementor-size-default\">Verwendung von \u00abCOOKIES\u00bb-Dateien<\/h2>\t\t<\/div>\n\t\t\t\t<\/div>\n\t\t\t\t<div class=\"elementor-element elementor-element-847955a elementor-widget elementor-widget-text-editor\" data-id=\"847955a\" data-element_type=\"widget\" data-widget_type=\"text-editor.default\">\n\t\t\t\t<div class=\"elementor-widget-container\">\n\t\t\t\t\t\t\t<p>Die Website greift eventuell auf \u00abCookie\u00bb-Techniken zur\u00fcck.<\/p>\n<p>Ein \u00abCookie\u00bb ist eine kleine Datei (weniger als 4 kb), die von der Website auf der Festplatte des Nutzers gespeichert wird und Informationen \u00fcber die Navigationsgewohnheiten des Nutzers enth\u00e4lt.<\/p>\n<p>Diese Dateien erm\u00f6glichen es ihr, Statistiken und Verkehrsinformationen zu verarbeiten, die Navigation zu erleichtern und den Service f\u00fcr den Komfort des Nutzers zu verbessern.<\/p>\n<p>F\u00fcr die Verwendung von \u00abCookie\u00bb-Dateien, die die Speicherung und Analyse von personenbezogenen Daten beinhalten, wird notwendigerweise die Zustimmung des Nutzers eingeholt.<\/p>\n<p>Diese Zustimmung des Nutzers wird f\u00fcr einen Zeitraum von bis zu sechs Monaten als g\u00fcltig angesehen. Nach Ablauf dieses Zeitraums wird die Website erneut um die Zustimmung des Nutzers zur Speicherung von \u00abCookie\u00bb-Dateien auf seiner Festplatte bitten.<\/p>\n<p>Wenn Sie einen Kommentar auf unserer Website hinterlassen, k\u00f6nnen Sie zustimmen, dass Ihr Name, Ihre E-Mail-Adresse und Ihre Website in Cookies gespeichert werden. Diese Cookies sollen Ihnen die Arbeit erleichtern, so dass Sie Ihre Daten nicht erneut angeben m\u00fcssen, wenn Sie einen weiteren Kommentar hinterlassen. Diese Cookies haben eine Lebensdauer von einem Jahr.<\/p>\n<p>Wenn Sie unsere Login-Seite besuchen, setzen wir ein tempor\u00e4res Cookie, um festzustellen, ob Ihr Browser Cookies akzeptiert. Dieses Cookie enth\u00e4lt keine pers\u00f6nlichen Daten und wird gel\u00f6scht, wenn Sie Ihren Browser schlie\u00dfen.<\/p>\n<p>Wenn Sie sich anmelden, setzen wir au\u00dferdem mehrere Cookies, um Ihre Anmeldeinformationen und Ihre Wahl der Bildschirmanzeige zu speichern. Die Anmelde-Cookies haben eine Lebensdauer von zwei Tagen und die Cookies f\u00fcr die Bildschirmoptionen haben eine Lebensdauer von einem Jahr. Wenn Sie die Option \u00abAn mich erinnern\u00bb ausw\u00e4hlen, wird Ihre Anmeldung zwei Wochen lang gespeichert. Wenn Sie sich von Ihrem Konto abmelden, werden die Anmeldecookies gel\u00f6scht.<\/p>\n<p>Wenn Sie einen Artikel bearbeiten oder ver\u00f6ffentlichen, wird ein zus\u00e4tzliches Cookie in Ihrem Browser gespeichert. Dieses Cookie enth\u00e4lt keine pers\u00f6nlichen Daten und zeigt lediglich die ID des Artikels an, den Sie gerade bearbeitet haben. Es l\u00e4uft nach einem Tag ab.<\/p>\n<p>Cookies, die f\u00fcr das Funktionieren der Website nicht wesentlich sind, werden erst nach Einwilligung des Nutzers auf dessen Endger\u00e4t abgelegt. Der Nutzer kann seine Zustimmung jederzeit auf folgende Weise widerrufen :<\/p>\n<ul>\n<li class=\"text-align-left font-scale-6 line-height-scale-6\">Der Nutzer schickt eine E-Mail an den f\u00fcr die Datenverarbeitung Verantwortlichen und erl\u00e4utert den Grund f\u00fcr seine Anfrage. Hierf\u00fcr kann er die Kontaktadresse verwenden.<\/li>\n<\/ul>\n<p>Allgemeiner gesagt wird der Nutzer darauf hingewiesen, dass er die Speicherung dieser \u00abCookie\u00bb-Dateien durch die Konfiguration seiner Navigationssoftware verhindern kann.<\/p>\n<p>Zu Informationszwecken kann der Nutzer unter den folgenden Adressen die Schritte finden, die er befolgen muss, um seine Navigationssoftware so zu konfigurieren, dass sie die Speicherung von \u00abCookies\u00bb verhindert :<\/p>\n<ul class=\"lp-list text-align-left font-scale-6 line-height-scale-6 lp-list--bullet\" data-guid=\"defae795-7fab-a428-c2bf-68e6872e2cda\">\n<li><strong>Chrome<\/strong> : https:\/\/support.google.com\/accounts\/answer\/61416?hl=fr<\/li>\n<li><strong>Firefox<\/strong> : https:\/\/support.mozilla.org\/fr\/kb\/enable-and-disable-cookies-website-preferences<\/li>\n<li><strong>Safari<\/strong> : http:\/\/www.apple.com\/legal\/privacy\/fr-ww\/<\/li>\n<li><strong>Internet Explorer<\/strong> : https:\/\/support.microsoft.com\/fr-fr\/help\/17442\/windows-internet-explorer-delete-manage-cookies<\/li>\n<li><strong>Opera<\/strong> : http:\/\/www.opera.com\/help\/tutorials\/security\/cookies\/<\/li>\n<\/ul>\n<p class=\"text-align-left font-scale-6 line-height-scale-6\">Falls der Nutzer sich entscheidet, die \u00abCookie\u00bb-Dateien zu deaktivieren, kann er seine Navigation auf der Website fortsetzen. Jedoch kann jede Funktionsst\u00f6rung der Website, die durch diese Manipulation verursacht wird, nicht als vom Herausgeber der Website verursacht angesehen werden.<\/p>\n\t\t\t\t\t\t<\/div>\n\t\t\t\t<\/div>\n\t\t\t\t<div class=\"elementor-element elementor-element-19bfb63 elementor-widget elementor-widget-heading\" data-id=\"19bfb63\" data-element_type=\"widget\" data-widget_type=\"heading.default\">\n\t\t\t\t<div class=\"elementor-widget-container\">\n\t\t\t<h2 class=\"elementor-heading-title elementor-size-default\">Eingebettete Inhalte von Webseiten Dritter<\/h2>\t\t<\/div>\n\t\t\t\t<\/div>\n\t\t\t\t<div class=\"elementor-element elementor-element-f16ec8d elementor-widget elementor-widget-text-editor\" data-id=\"f16ec8d\" data-element_type=\"widget\" data-widget_type=\"text-editor.default\">\n\t\t\t\t<div class=\"elementor-widget-container\">\n\t\t\t\t\t\t\t<p>Die Artikel auf dieser Website k\u00f6nnen eingebettete Inhalte (z. B. Videos, Bilder, Artikel usw.) enthalten. Eingebettete Inhalte von anderen Websites verhalten sich genau so, als ob der Besucher die Website eines Dritten besucht h\u00e4tte.<\/p>\n<p>Diese Websites k\u00f6nnen Daten \u00fcber Sie sammeln, Cookies verwenden, zus\u00e4tzliches Tracking durch Dritte einbinden und Ihre Interaktion mit diesem eingebetteten Inhalt \u00fcberwachen, einschlie\u00dflich Ihrer Interaktion mit dem eingebetteten Inhalt, wenn Sie ein Konto haben und auf dieser Website angemeldet sind.<\/p>\n\t\t\t\t\t\t<\/div>\n\t\t\t\t<\/div>\n\t\t\t\t<div class=\"elementor-element elementor-element-2871638 elementor-widget elementor-widget-heading\" data-id=\"2871638\" data-element_type=\"widget\" data-widget_type=\"heading.default\">\n\t\t\t\t<div class=\"elementor-widget-container\">\n\t\t\t<h2 class=\"elementor-heading-title elementor-size-default\">Verantwortlicher f\u00fcr die Datenverarbeitung<\/h2>\t\t<\/div>\n\t\t\t\t<\/div>\n\t\t\t\t<div class=\"elementor-element elementor-element-fb0c504 elementor-widget elementor-widget-text-editor\" data-id=\"fb0c504\" data-element_type=\"widget\" data-widget_type=\"text-editor.default\">\n\t\t\t\t<div class=\"elementor-widget-container\">\n\t\t\t\t\t\t\t<h5 class=\"text-align-left font-scale-6 line-height-scale-6\">A. VERANTWORTLICHER F\u00dcR DIE DATENVERARBEITUNG<\/h5>\n<p>Der Verantwortliche f\u00fcr die Verarbeitung personenbezogener Daten ist: Mathias Esseiva. Er kann auf folgende Weise kontaktiert werden : info@electrostickers.ch.<\/p>\n<p>Der f\u00fcr die Datenverarbeitung Verantwortliche ist daf\u00fcr verantwortlich, die Zwecke und Mittel zu bestimmen, die der Verarbeitung personenbezogener Daten dienen.<\/p>\n<h5 class=\"text-align-left font-scale-6 line-height-scale-6\">B. PFLICHTEN DES F\u00dcR DIE DATENVERARBEITUNG VERANTWORTLICHEN<\/h5>\n<p>Der f\u00fcr die Verarbeitung Verantwortliche verpflichtet sich, die erhobenen personenbezogenen Daten zu sch\u00fctzen, sie nicht ohne Wissen des Nutzers an Dritte weiterzugeben und die Zwecke, f\u00fcr die diese Daten erhoben wurden, einzuhalten.<\/p>\n<p>Die Website verf\u00fcgt \u00fcber ein SSL-Zertifikat, um zu gew\u00e4hrleisten, dass die Informationen und die \u00dcbertragung von Daten, die \u00fcber die Website laufen, sicher sind.<\/p>\n<p>Ein SSL-Zertifikat (\u00abSecure Socket Layer\u00bb Certificate) dient dazu, die zwischen dem Nutzer und der Website ausgetauschten Daten zu sichern.<\/p>\n<p>Dar\u00fcber hinaus verpflichtet sich der f\u00fcr die Datenverarbeitung Verantwortliche, den Nutzer im Falle der Berichtigung oder L\u00f6schung von Daten zu benachrichtigen, sofern dies f\u00fcr den Nutzer nicht mit unverh\u00e4ltnism\u00e4\u00dfigen Formalit\u00e4ten, Kosten und Schritten verbunden ist.<\/p>\n<p>F\u00fcr den Fall, dass die Integrit\u00e4t, Vertraulichkeit oder Sicherheit der personenbezogenen Daten des Nutzers gef\u00e4hrdet ist, verpflichtet sich der f\u00fcr die Datenverarbeitung Verantwortliche, den Nutzer auf jede erdenkliche Weise zu informieren.<\/p>\n\t\t\t\t\t\t<\/div>\n\t\t\t\t<\/div>\n\t\t\t\t<div class=\"elementor-element elementor-element-28c329f elementor-widget elementor-widget-heading\" data-id=\"28c329f\" data-element_type=\"widget\" data-widget_type=\"heading.default\">\n\t\t\t\t<div class=\"elementor-widget-container\">\n\t\t\t<h2 class=\"elementor-heading-title elementor-size-default\">Aufbewahrung von Daten<\/h2>\t\t<\/div>\n\t\t\t\t<\/div>\n\t\t\t\t<div class=\"elementor-element elementor-element-675bdf3 elementor-widget elementor-widget-text-editor\" data-id=\"675bdf3\" data-element_type=\"widget\" data-widget_type=\"text-editor.default\">\n\t\t\t\t<div class=\"elementor-widget-container\">\n\t\t\t\t\t\t\t<p>Wenn Sie einen Kommentar hinterlassen, werden dieser und seine Metadaten auf unbestimmte Zeit gespeichert. Dies erm\u00f6glicht es uns, sp\u00e4tere Kommentare automatisch zu erkennen und freizugeben, anstatt sie in einer Moderationswarteschlange zu halten.<\/p>\n<p>F\u00fcr Nutzer, die sich auf unserer Website registrieren (falls zutreffend), speichern wir auch die pers\u00f6nlichen Informationen, die sie in ihrem Nutzerprofil angeben. Alle Nutzer k\u00f6nnen ihre pers\u00f6nlichen Informationen jederzeit einsehen, \u00e4ndern oder l\u00f6schen (au\u00dfer, dass sie ihren Benutzernamen nicht \u00e4ndern k\u00f6nnen). Auch die Administratoren der Website k\u00f6nnen diese Informationen einsehen und \u00e4ndern.<\/p>\n\t\t\t\t\t\t<\/div>\n\t\t\t\t<\/div>\n\t\t\t\t<div class=\"elementor-element elementor-element-1c4c69c elementor-widget elementor-widget-heading\" data-id=\"1c4c69c\" data-element_type=\"widget\" data-widget_type=\"heading.default\">\n\t\t\t\t<div class=\"elementor-widget-container\">\n\t\t\t<h2 class=\"elementor-heading-title elementor-size-default\">Rechte des Nutzers<\/h2>\t\t<\/div>\n\t\t\t\t<\/div>\n\t\t\t\t<div class=\"elementor-element elementor-element-3de3a04 elementor-widget elementor-widget-text-editor\" data-id=\"3de3a04\" data-element_type=\"widget\" data-widget_type=\"text-editor.default\">\n\t\t\t\t<div class=\"elementor-widget-container\">\n\t\t\t\t\t\t\t<p>Gem\u00e4\u00df den Vorschriften \u00fcber die Verarbeitung personenbezogener Daten hat der Nutzer die nachfolgend aufgef\u00fchrten Rechte.<\/p>\n<p>Damit der f\u00fcr die Datenverarbeitung Verantwortliche seine Anfrage bearbeiten kann, muss der Nutzer ihm Folgendes mitteilen : seinen Vor- und Nachnamen, seine E-Mail-Adresse und, falls relevant, seine Kontonummer, die Nummer seines pers\u00f6nlichen Bereichs oder seine Abonnentennummer.<\/p>\n<p>Der f\u00fcr die Datenverarbeitung Verantwortliche ist verpflichtet, dem Nutzer innerhalb von h\u00f6chstens 30 Tagen zu antworten.<\/p>\n<h5 class=\"text-align-left font-scale-6 line-height-scale-6\"><\/h5>\n<h5 class=\"text-align-left font-scale-6 line-height-scale-6\">A. DARSTELLUNG DER RECHTE DES NUTZERS IN BEZUG AUF DIE ERHEBUNG UND VERARBEITUNG VON DATEN<\/h5>\n<h6 class=\"text-align-left font-scale-6 line-height-scale-6\"><span style=\"text-decoration: underline;\">a. Recht auf Zugang, Berichtigung und L\u00f6schung<\/span><\/h6>\n<p>Der Nutzer kann die ihn betreffenden Daten einsehen, aktualisieren, \u00e4ndern oder ihre L\u00f6schung verlangen, indem er das nachfolgend beschriebene Verfahren einh\u00e4lt :<\/p>\n<p>Der Nutzer sendet eine E-Mail an den f\u00fcr die Datenverarbeitung Verantwortlichen und erl\u00e4utert den Grund f\u00fcr seine Anfrage. Hierf\u00fcr kann er die Kontaktadresse verwenden.<\/p>\n<p>Wenn er eine solche besitzt, hat der Nutzer das Recht, die L\u00f6schung seines pers\u00f6nlichen Bereichs zu beantragen, indem er das folgende Verfahren befolgt :<\/p>\n<p>Der Nutzer sendet eine E-Mail an den f\u00fcr die Datenverarbeitung Verantwortlichen und erl\u00e4utert den Grund f\u00fcr seine Anfrage. Hierf\u00fcr kann er die Kontaktadresse verwenden.<\/p>\n<h6 class=\"text-align-left font-scale-6 line-height-scale-6\"><span style=\"text-decoration: underline;\">b. Recht auf Daten\u00fcbertragbarkeit<\/span><\/h6>\n<p>Der Nutzer hat das Recht, die \u00dcbertragbarkeit seiner personenbezogenen Daten, die von der Website gespeichert werden, auf eine andere Website zu beantragen, indem er das folgende Verfahren befolgt :<\/p>\n<p>Der Nutzer sendet eine E-Mail an den f\u00fcr die Datenverarbeitung Verantwortlichen und erl\u00e4utert den Grund f\u00fcr seine Anfrage. Hierf\u00fcr kann er die Kontaktadresse verwenden.<\/p>\n<h6 class=\"text-align-left font-scale-6 line-height-scale-6\"><span style=\"text-decoration: underline;\">c. Recht auf Einschr\u00e4nkung und Widerspruch der Datenverarbeitung<\/span><\/h6>\n<p>Der Nutzer hat das Recht, die Einschr\u00e4nkung oder den Widerspruch der Verarbeitung seiner Daten durch die Website zu beantragen, ohne dass die Website dies ablehnen kann, es sei denn, sie weist nach, dass es legitime und zwingende Gr\u00fcnde gibt, die die Interessen, Rechte und Freiheiten des Nutzers \u00fcberwiegen k\u00f6nnen.<\/p>\n<p>Um eine Einschr\u00e4nkung der Verarbeitung seiner Daten zu beantragen oder Widerspruch gegen die Verarbeitung seiner Daten einzulegen, muss der Nutzer das folgende Verfahren befolgen :<\/p>\n<p>Der Nutzer sendet eine E-Mail an den f\u00fcr die Datenverarbeitung Verantwortlichen und erl\u00e4utert den Grund f\u00fcr seine Anfrage. Hierf\u00fcr kann er die Kontaktadresse verwenden.<\/p>\n<h6 class=\"text-align-left font-scale-6 line-height-scale-6\"><span style=\"text-decoration: underline;\">d. echt, nicht Gegenstand einer Entscheidung zu sein, die ausschlie\u00dflich auf einem automatisierten Verfahren beruht<\/span><\/h6>\n<p class=\"text-align-left font-scale-6 line-height-scale-6\">Gem\u00e4\u00df den Bestimmungen der Verordnung 2016\/679 hat der Nutzer das Recht, nicht Gegenstand einer Entscheidung zu sein, die ausschlie\u00dflich auf einem automatisierten Verfahren beruht, wenn die Entscheidung Rechtswirkungen erzeugt, die ihn betreffen oder ihn in \u00e4hnlicher Weise erheblich beeintr\u00e4chtigen.<\/p>\n<h6 class=\"text-align-left font-scale-6 line-height-scale-6\"><span style=\"text-decoration: underline;\">e. Recht, den Verbleib der Daten nach dem Tod zu bestimmen<\/span><\/h6>\n<p class=\"text-align-left font-scale-6 line-height-scale-6\">Der Nutzer wird daran erinnert, dass er gem\u00e4\u00df dem Gesetz Nr. 2016-1321 vom 7. Oktober 2016 organisieren kann, was mit seinen gesammelten und verarbeiteten Daten geschehen soll, wenn er stirbt.<\/p>\n<h6 class=\"text-align-left font-scale-6 line-height-scale-6\"><span style=\"text-decoration: underline;\">f. Recht, sich an die zust\u00e4ndige Aufsichtsbeh\u00f6rde zu wenden<\/span><\/h6>\n<p class=\"text-align-left font-scale-6 line-height-scale-6\">Falls der f\u00fcr die Datenverarbeitung Verantwortliche beschlie\u00dft, die Anfrage des Nutzers nicht zu beantworten, und der Nutzer diese Entscheidung anfechten m\u00f6chte, oder falls er der Meinung ist, dass eines der oben aufgef\u00fchrten Rechte verletzt wird, hat er das Recht, sich an jeden zust\u00e4ndigen Richter zu wenden.<\/p>\n<h5 class=\"text-align-left font-scale-6 line-height-scale-6\">B. PERS\u00d6NLICHE DATEN VON MINDERJ\u00c4HRIGEN PERSONEN<\/h5>\n<p>Gem\u00e4\u00df den Bestimmungen von Artikel 8 der EU-Verordnung 2016\/679 und dem franz\u00f6sischen Datenschutzgesetz k\u00f6nnen nur Minderj\u00e4hrige, die mindestens 15 Jahre alt sind, der Verarbeitung ihrer personenbezogenen Daten zustimmen.<\/p>\n<p>Wenn der Nutzer ein Minderj\u00e4hriger unter 15 Jahren ist, ist die Zustimmung eines gesetzlichen Vertreters erforderlich, damit personenbezogene Daten gesammelt und verarbeitet werden k\u00f6nnen.<\/p>\n<p>Der Herausgeber der Website beh\u00e4lt sich das Recht vor, mit allen Mitteln zu \u00fcberpr\u00fcfen, ob der Nutzer \u00fcber 15 Jahre alt ist oder ob er die Zustimmung eines gesetzlichen Vertreters eingeholt hat, bevor er auf der Website surft.<\/p>\n\t\t\t\t\t\t<\/div>\n\t\t\t\t<\/div>\n\t\t\t\t<div class=\"elementor-element elementor-element-078cbfa elementor-widget elementor-widget-heading\" data-id=\"078cbfa\" data-element_type=\"widget\" data-widget_type=\"heading.default\">\n\t\t\t\t<div class=\"elementor-widget-container\">\n\t\t\t<h2 class=\"elementor-heading-title elementor-size-default\">Bedingungen f\u00fcr die \u00c4nderung der Datenschutzrichtlinie<\/h2>\t\t<\/div>\n\t\t\t\t<\/div>\n\t\t\t\t<div class=\"elementor-element elementor-element-c00a4fe elementor-widget elementor-widget-text-editor\" data-id=\"c00a4fe\" data-element_type=\"widget\" data-widget_type=\"text-editor.default\">\n\t\t\t\t<div class=\"elementor-widget-container\">\n\t\t\t\t\t\t\t<p>Die vorliegende Datenschutzrichtlinie kann jederzeit unter der nachstehend angegebenen Adresse eingesehen werden :<\/p>\n<p>www.electrostickers.ch\/de\/datenschutzrichtlinie<\/p>\n<p>Der Herausgeber der Website beh\u00e4lt sich das Recht vor, sie zu \u00e4ndern, um ihre \u00dcbereinstimmung mit dem geltenden Recht zu gew\u00e4hrleisten.<\/p>\n<p>Der Nutzer wird daher gebeten, diese Datenschutzrichtlinie regelm\u00e4\u00dfig zu \u00fcberpr\u00fcfen, um sich \u00fcber die neuesten \u00c4nderungen zu informieren.<\/p>\n<p>Im Falle einer wesentlichen \u00c4nderung dieser Richtlinie wird der Nutzer jedoch auf folgende Weise dar\u00fcber informiert :<\/p>\n<p>Per E-Mail an die vom Nutzer angegebene Adresse.<\/p>\n<p>Der Nutzer wird darauf hingewiesen, dass diese Datenschutzrichtlinie zuletzt am 29.03.2023 aktualisiert wurde.<\/p>\n\t\t\t\t\t\t<\/div>\n\t\t\t\t<\/div>\n\t\t\t\t<div class=\"elementor-element elementor-element-42e891c elementor-widget elementor-widget-heading\" data-id=\"42e891c\" data-element_type=\"widget\" data-widget_type=\"heading.default\">\n\t\t\t\t<div class=\"elementor-widget-container\">\n\t\t\t<h2 class=\"elementor-heading-title elementor-size-default\">Akzeptanz der Datenschutzrichtlinie durch den Nutzer<\/h2>\t\t<\/div>\n\t\t\t\t<\/div>\n\t\t\t\t<div class=\"elementor-element elementor-element-951cf2a elementor-widget elementor-widget-text-editor\" data-id=\"951cf2a\" data-element_type=\"widget\" data-widget_type=\"text-editor.default\">\n\t\t\t\t<div class=\"elementor-widget-container\">\n\t\t\t\t\t\t\t<p>Durch das Surfen auf der Website best\u00e4tigt der Nutzer, dass er die vorliegende Datenschutzrichtlinie gelesen und verstanden hat und akzeptiert deren Bedingungen, insbesondere in Bezug auf die Erhebung und Verarbeitung seiner personenbezogenen Daten sowie die Verwendung von \u00abCookie\u00bb-Dateien.<\/p>\n\t\t\t\t\t\t<\/div>\n\t\t\t\t<\/div>\n\t\t\t\t\t<\/div>\n\t\t<\/div>\n\t\t\t\t\t<\/div>\n\t\t<\/section>\n\t\t\t\t<section class=\"elementor-section elementor-top-section elementor-element elementor-element-f41d1f3 elementor-section-boxed elementor-section-height-default elementor-section-height-default\" data-id=\"f41d1f3\" data-element_type=\"section\">\n\t\t\t\t\t\t<div class=\"elementor-container elementor-column-gap-default\">\n\t\t\t\t\t<div class=\"elementor-column elementor-col-100 elementor-top-column elementor-element elementor-element-7d0039f\" data-id=\"7d0039f\" data-element_type=\"column\">\n\t\t\t<div class=\"elementor-widget-wrap elementor-element-populated\">\n\t\t\t\t\t\t<div class=\"elementor-element elementor-element-a6b0a99 elementor-widget__width-auto elementor-widget elementor-widget-button\" data-id=\"a6b0a99\" data-element_type=\"widget\" data-widget_type=\"button.default\">\n\t\t\t\t<div class=\"elementor-widget-container\">\n\t\t\t\t\t<div class=\"elementor-button-wrapper\">\n\t\t\t<a class=\"elementor-button elementor-button-link elementor-size-md\" href=\"https:\/\/electrostickers.ch\/de\/\">\n\t\t\t\t\t\t<span class=\"elementor-button-content-wrapper\">\n\t\t\t\t\t\t\t\t\t<span class=\"elementor-button-text\">Zur Startseite gehen<\/span>\n\t\t\t\t\t<\/span>\n\t\t\t\t\t<\/a>\n\t\t<\/div>\n\t\t\t\t<\/div>\n\t\t\t\t<\/div>\n\t\t\t\t<div class=\"elementor-element elementor-element-0da8c1e elementor-widget__width-auto elementor-widget elementor-widget-button\" data-id=\"0da8c1e\" data-element_type=\"widget\" data-widget_type=\"button.default\">\n\t\t\t\t<div class=\"elementor-widget-container\">\n\t\t\t\t\t<div class=\"elementor-button-wrapper\">\n\t\t\t<a class=\"elementor-button elementor-button-link elementor-size-md\" href=\"\/de\/shop-now\/\">\n\t\t\t\t\t\t<span class=\"elementor-button-content-wrapper\">\n\t\t\t\t\t\t\t\t\t<span class=\"elementor-button-text\">Besuchen Sie unseren Katalog<\/span>\n\t\t\t\t\t<\/span>\n\t\t\t\t\t<\/a>\n\t\t<\/div>\n\t\t\t\t<\/div>\n\t\t\t\t<\/div>\n\t\t\t\t<div class=\"elementor-element elementor-element-d720b15 elementor-widget__width-auto elementor-widget elementor-widget-button\" data-id=\"d720b15\" data-element_type=\"widget\" data-widget_type=\"button.default\">\n\t\t\t\t<div class=\"elementor-widget-container\">\n\t\t\t\t\t<div class=\"elementor-button-wrapper\">\n\t\t\t<a class=\"elementor-button elementor-button-link elementor-size-md\" href=\"https:\/\/electrostickers.ch\/de\/kontakt\/\">\n\t\t\t\t\t\t<span class=\"elementor-button-content-wrapper\">\n\t\t\t\t\t\t\t\t\t<span class=\"elementor-button-text\">Kontakt<\/span>\n\t\t\t\t\t<\/span>\n\t\t\t\t\t<\/a>\n\t\t<\/div>\n\t\t\t\t<\/div>\n\t\t\t\t<\/div>\n\t\t\t\t\t<\/div>\n\t\t<\/div>\n\t\t\t\t\t<\/div>\n\t\t<\/section>\n\t\t\t\t<section class=\"elementor-section elementor-top-section elementor-element elementor-element-1a192f5 elementor-section-boxed elementor-section-height-default elementor-section-height-default\" data-id=\"1a192f5\" data-element_type=\"section\">\n\t\t\t\t\t\t<div class=\"elementor-container elementor-column-gap-default\">\n\t\t\t\t\t<div class=\"elementor-column elementor-col-33 elementor-top-column elementor-element elementor-element-75be700\" data-id=\"75be700\" data-element_type=\"column\">\n\t\t\t<div class=\"elementor-widget-wrap\">\n\t\t\t\t\t\t\t<\/div>\n\t\t<\/div>\n\t\t\t\t<div class=\"elementor-column elementor-col-33 elementor-top-column elementor-element elementor-element-5e34931\" data-id=\"5e34931\" data-element_type=\"column\">\n\t\t\t<div class=\"elementor-widget-wrap\">\n\t\t\t\t\t\t\t<\/div>\n\t\t<\/div>\n\t\t\t\t<div class=\"elementor-column elementor-col-33 elementor-top-column elementor-element elementor-element-7350084\" data-id=\"7350084\" data-element_type=\"column\">\n\t\t\t<div class=\"elementor-widget-wrap\">\n\t\t\t\t\t\t\t<\/div>\n\t\t<\/div>\n\t\t\t\t\t<\/div>\n\t\t<\/section>\n\t\t\t\t<\/div>\n\t\t","protected":false},"excerpt":{"rendered":"<p>Allgemeine Verkaufsbedingungen von Electrostickers c\/o In&amp;Co Pr\u00e4ambel Diese Datenschutzrichtlinie gilt f\u00fcr die Website: www.electrostickers.ch. Ziel dieser Datenschutzrichtlinie ist es, den Nutzern der Website : Die Art und Weise, wie ihre personenbezogenen Daten gesammelt und verarbeitet werden. Als personenbezogene Daten gelten alle Daten, die geeignet sind, einen Nutzer zu identifizieren. Dazu geh\u00f6ren Vor- und Nachname, Alter, [&hellip;]<\/p>\n","protected":false},"author":1,"featured_media":0,"parent":0,"menu_order":0,"comment_status":"closed","ping_status":"closed","template":"elementor_header_footer","meta":{"_acf_changed":false,"footnotes":""},"class_list":["post-1698","page","type-page","status-publish","hentry"],"acf":[],"yoast_head":"<!-- This site is optimized with the Yoast SEO plugin v22.8 - https:\/\/yoast.com\/wordpress\/plugins\/seo\/ -->\n<title>Datenschutzbestimmungen - electrostickers.ch<\/title>\n<meta name=\"robots\" content=\"index, follow, max-snippet:-1, max-image-preview:large, max-video-preview:-1\" \/>\n<link rel=\"canonical\" href=\"https:\/\/electrostickers.ch\/politique-de-confidentialite\/\" \/>\n<meta property=\"og:locale\" content=\"de_DE\" \/>\n<meta property=\"og:type\" content=\"article\" \/>\n<meta property=\"og:title\" content=\"Datenschutzbestimmungen - electrostickers.ch\" \/>\n<meta property=\"og:description\" content=\"Allgemeine Verkaufsbedingungen von Electrostickers c\/o In&amp;Co Pr\u00e4ambel Diese Datenschutzrichtlinie gilt f\u00fcr die Website: www.electrostickers.ch. Ziel dieser Datenschutzrichtlinie ist es, den Nutzern der Website : Die Art und Weise, wie ihre personenbezogenen Daten gesammelt und verarbeitet werden. Als personenbezogene Daten gelten alle Daten, die geeignet sind, einen Nutzer zu identifizieren. Dazu geh\u00f6ren Vor- und Nachname, Alter, [&hellip;]\" \/>\n<meta property=\"og:url\" content=\"https:\/\/electrostickers.ch\/politique-de-confidentialite\/\" \/>\n<meta property=\"og:site_name\" content=\"electrostickers.ch\" \/>\n<meta property=\"article:modified_time\" content=\"2024-02-16T12:03:41+00:00\" \/>\n<meta name=\"twitter:card\" content=\"summary_large_image\" \/>\n<meta name=\"twitter:label1\" content=\"Gesch\u00e4tzte Lesezeit\" \/>\n\t<meta name=\"twitter:data1\" content=\"13\u00a0Minuten\" \/>\n<script type=\"application\/ld+json\" class=\"yoast-schema-graph\">{\"@context\":\"https:\/\/schema.org\",\"@graph\":[{\"@type\":\"WebPage\",\"@id\":\"https:\/\/electrostickers.ch\/politique-de-confidentialite\/\",\"url\":\"https:\/\/electrostickers.ch\/politique-de-confidentialite\/\",\"name\":\"Datenschutzbestimmungen - electrostickers.ch\",\"isPartOf\":{\"@id\":\"https:\/\/electrostickers.ch\/#website\"},\"datePublished\":\"2023-11-30T16:30:30+00:00\",\"dateModified\":\"2024-02-16T12:03:41+00:00\",\"breadcrumb\":{\"@id\":\"https:\/\/electrostickers.ch\/politique-de-confidentialite\/#breadcrumb\"},\"inLanguage\":\"de\",\"potentialAction\":[{\"@type\":\"ReadAction\",\"target\":[\"https:\/\/electrostickers.ch\/politique-de-confidentialite\/\"]}]},{\"@type\":\"BreadcrumbList\",\"@id\":\"https:\/\/electrostickers.ch\/politique-de-confidentialite\/#breadcrumb\",\"itemListElement\":[{\"@type\":\"ListItem\",\"position\":1,\"name\":\"Accueil\",\"item\":\"https:\/\/electrostickers.ch\/\"},{\"@type\":\"ListItem\",\"position\":2,\"name\":\"Datenschutzbestimmungen\"}]},{\"@type\":\"WebSite\",\"@id\":\"https:\/\/electrostickers.ch\/#website\",\"url\":\"https:\/\/electrostickers.ch\/\",\"name\":\"electrostickers.ch\",\"description\":\"\",\"potentialAction\":[{\"@type\":\"SearchAction\",\"target\":{\"@type\":\"EntryPoint\",\"urlTemplate\":\"https:\/\/electrostickers.ch\/?s={search_term_string}\"},\"query-input\":\"required name=search_term_string\"}],\"inLanguage\":\"de\"}]}<\/script>\n<!-- \/ Yoast SEO plugin. -->","yoast_head_json":{"title":"Datenschutzbestimmungen - electrostickers.ch","robots":{"index":"index","follow":"follow","max-snippet":"max-snippet:-1","max-image-preview":"max-image-preview:large","max-video-preview":"max-video-preview:-1"},"canonical":"https:\/\/electrostickers.ch\/politique-de-confidentialite\/","og_locale":"de_DE","og_type":"article","og_title":"Datenschutzbestimmungen - electrostickers.ch","og_description":"Allgemeine Verkaufsbedingungen von Electrostickers c\/o In&amp;Co Pr\u00e4ambel Diese Datenschutzrichtlinie gilt f\u00fcr die Website: www.electrostickers.ch. Ziel dieser Datenschutzrichtlinie ist es, den Nutzern der Website : Die Art und Weise, wie ihre personenbezogenen Daten gesammelt und verarbeitet werden. Als personenbezogene Daten gelten alle Daten, die geeignet sind, einen Nutzer zu identifizieren. Dazu geh\u00f6ren Vor- und Nachname, Alter, [&hellip;]","og_url":"https:\/\/electrostickers.ch\/politique-de-confidentialite\/","og_site_name":"electrostickers.ch","article_modified_time":"2024-02-16T12:03:41+00:00","twitter_card":"summary_large_image","twitter_misc":{"Gesch\u00e4tzte Lesezeit":"13\u00a0Minuten"},"schema":{"@context":"https:\/\/schema.org","@graph":[{"@type":"WebPage","@id":"https:\/\/electrostickers.ch\/politique-de-confidentialite\/","url":"https:\/\/electrostickers.ch\/politique-de-confidentialite\/","name":"Datenschutzbestimmungen - electrostickers.ch","isPartOf":{"@id":"https:\/\/electrostickers.ch\/#website"},"datePublished":"2023-11-30T16:30:30+00:00","dateModified":"2024-02-16T12:03:41+00:00","breadcrumb":{"@id":"https:\/\/electrostickers.ch\/politique-de-confidentialite\/#breadcrumb"},"inLanguage":"de","potentialAction":[{"@type":"ReadAction","target":["https:\/\/electrostickers.ch\/politique-de-confidentialite\/"]}]},{"@type":"BreadcrumbList","@id":"https:\/\/electrostickers.ch\/politique-de-confidentialite\/#breadcrumb","itemListElement":[{"@type":"ListItem","position":1,"name":"Accueil","item":"https:\/\/electrostickers.ch\/"},{"@type":"ListItem","position":2,"name":"Datenschutzbestimmungen"}]},{"@type":"WebSite","@id":"https:\/\/electrostickers.ch\/#website","url":"https:\/\/electrostickers.ch\/","name":"electrostickers.ch","description":"","potentialAction":[{"@type":"SearchAction","target":{"@type":"EntryPoint","urlTemplate":"https:\/\/electrostickers.ch\/?s={search_term_string}"},"query-input":"required name=search_term_string"}],"inLanguage":"de"}]}},"_links":{"self":[{"href":"https:\/\/electrostickers.ch\/de\/wp-json\/wp\/v2\/pages\/1698","targetHints":{"allow":["GET"]}}],"collection":[{"href":"https:\/\/electrostickers.ch\/de\/wp-json\/wp\/v2\/pages"}],"about":[{"href":"https:\/\/electrostickers.ch\/de\/wp-json\/wp\/v2\/types\/page"}],"author":[{"embeddable":true,"href":"https:\/\/electrostickers.ch\/de\/wp-json\/wp\/v2\/users\/1"}],"replies":[{"embeddable":true,"href":"https:\/\/electrostickers.ch\/de\/wp-json\/wp\/v2\/comments?post=1698"}],"version-history":[{"count":8,"href":"https:\/\/electrostickers.ch\/de\/wp-json\/wp\/v2\/pages\/1698\/revisions"}],"predecessor-version":[{"id":2652,"href":"https:\/\/electrostickers.ch\/de\/wp-json\/wp\/v2\/pages\/1698\/revisions\/2652"}],"wp:attachment":[{"href":"https:\/\/electrostickers.ch\/de\/wp-json\/wp\/v2\/media?parent=1698"}],"curies":[{"name":"wp","href":"https:\/\/api.w.org\/{rel}","templated":true}]}}